{"id":16150,"date":"2020-02-16T20:59:49","date_gmt":"2020-02-16T19:59:49","guid":{"rendered":"https:\/\/www.gff.ch\/signaletique\/"},"modified":"2020-02-16T21:09:14","modified_gmt":"2020-02-16T20:09:14","slug":"signaletique","status":"publish","type":"page","link":"https:\/\/www.gff.ch\/fr\/signaletique\/","title":{"rendered":"Signal\u00e9tique"},"content":{"rendered":"<div class=\"fusion-fullwidth fullwidth-box fusion-builder-row-1 nonhundred-percent-fullwidth non-hundred-percent-height-scrolling\" style=\"--awb-border-radius-top-left:0px;--awb-border-radius-top-right:0px;--awb-border-radius-bottom-right:0px;--awb-border-radius-bottom-left:0px;--awb-flex-wrap:wrap;\" ><div class=\"fusion-builder-row fusion-row\"><div class=\"fusion-layout-column fusion_builder_column fusion-builder-column-0 fusion_builder_column_1_1 1_1 fusion-one-full fusion-column-first fusion-column-last\" style=\"--awb-bg-size:cover;\"><div class=\"fusion-column-wrapper fusion-column-has-shadow fusion-flex-column-wrapper-legacy\"><div class=\"fusion-title title fusion-title-1 fusion-sep-none fusion-title-text fusion-title-size-one\" style=\"--awb-margin-top-small:0px;--awb-margin-right-small:0px;--awb-margin-bottom-small:20px;--awb-margin-left-small:0px;\"><h1 class=\"fusion-title-heading title-heading-left fusion-responsive-typography-calculated\" style=\"margin:0;--fontSize:34;line-height:1.41;\">Signal\u00e9tique<\/h1><\/div><div class=\"fusion-text fusion-text-1\"><p>Des syst\u00e8mes complexes doivent \u00eatre bien pens\u00e9s afin d&rsquo;\u00eatre simples et clairement compr\u00e9hensibles.<\/p>\n<p>Ils doivent \u00e9galement \u00eatre esth\u00e9tiques, intemporels et id\u00e9alement faciles \u00e0 \u00e9tendre.<\/p>\n<p>Nous vous soutenons non seulement dans la conception, mais aussi dans la production, l&rsquo;installation et l&rsquo;entretien ult\u00e9rieur de la signalisation.<\/p>\n<\/div><div class=\"fusion-recent-works fusion-portfolio-element fusion-portfolio fusion-portfolio-1 fusion-portfolio-grid fusion-portfolio-paging-pagination fusion-portfolio-three fusion-portfolio-no_text fusion-portfolio-rollover\" data-id=\"-rw-1\" data-columns=\"three\"><style type=\"text\/css\">.fusion-portfolio-1 .fusion-portfolio-wrapper .fusion-col-spacing{padding:5px;}<\/style><div class=\"fusion-portfolio-wrapper\" id=\"fusion-portfolio-1\" data-picturesize=\"fixed\" data-pages=\"0\" style=\"margin:-5px;\"><article id=\"portfolio-1-post-14542\" class=\"fusion-portfolio-post signaletique fusion-col-spacing post-14542\"><div class=\"fusion-portfolio-content-wrapper\" style=\"border:none;\"><span class=\"entry-title rich-snippet-hidden\">Velostation Olten<\/span><span class=\"vcard rich-snippet-hidden\"><span class=\"fn\"><a href=\"https:\/\/www.gff.ch\/fr\/author\/gff\/\" rel=\"author\">No\u00ebmi Sandmeier<\/a><\/span><\/span><span class=\"updated rich-snippet-hidden\">2016-10-12T11:45:41+02:00<\/span><div  class=\"fusion-image-wrapper fusion-image-size-fixed\" aria-haspopup=\"true\">\n\t\t\t\t<img decoding=\"async\" width=\"300\" height=\"214\" src=\"https:\/\/www.gff.ch\/wp-content\/uploads\/2016\/07\/Velostation_Olten_-1-300x214.jpg\" class=\"attachment-portfolio-three size-portfolio-three wp-post-image\" alt=\"\" \/><div class=\"fusion-rollover\">\n\t<div class=\"fusion-rollover-content\">\n\n\t\t\t\t\n\t\t\n\t\t\t\t\t\t\t\t\t\t\t\t<h4 class=\"fusion-rollover-title\">\n\t\t\t\t\t<a class=\"fusion-rollover-title-link\" href=\"https:\/\/www.gff.ch\/fr\/portfolio\/velostation-olten\/?portfolioCats=145\">\n\t\t\t\t\t\tVelostation Olten\t\t\t\t\t<\/a>\n\t\t\t\t<\/h4>\n\t\t\t\n\t\t\t\t\t\t\t\t\t\t<div class=\"fusion-rollover-categories\"><a href=\"https:\/\/www.gff.ch\/fr\/portfolio-category\/signaletique\/\" rel=\"tag\">Signal\u00e9tique<\/a><\/div>\t\t\t\t\t\n\t\t\n\t\t\t\t\t\t<a class=\"fusion-link-wrapper\" href=\"https:\/\/www.gff.ch\/fr\/portfolio\/velostation-olten\/?portfolioCats=145\" aria-label=\"Velostation Olten\"><\/a>\n\t<\/div>\n<\/div>\n<\/div>\n<\/div><\/article><article id=\"portfolio-1-post-14848\" class=\"fusion-portfolio-post signaletique fusion-col-spacing post-14848\"><div class=\"fusion-portfolio-content-wrapper\" style=\"border:none;\"><span class=\"entry-title rich-snippet-hidden\">Palais f\u00e9d\u00e9rale Est<\/span><span class=\"vcard rich-snippet-hidden\"><span class=\"fn\"><a href=\"https:\/\/www.gff.ch\/fr\/author\/gff\/\" rel=\"author\">No\u00ebmi Sandmeier<\/a><\/span><\/span><span class=\"updated rich-snippet-hidden\">2016-10-12T11:45:41+02:00<\/span><div  class=\"fusion-image-wrapper fusion-image-size-fixed\" aria-haspopup=\"true\">\n\t\t\t\t<img decoding=\"async\" width=\"300\" height=\"214\" src=\"https:\/\/www.gff.ch\/wp-content\/uploads\/2016\/07\/BHO_2016_5679-300x214.jpg\" class=\"attachment-portfolio-three size-portfolio-three wp-post-image\" alt=\"\" \/><div class=\"fusion-rollover\">\n\t<div class=\"fusion-rollover-content\">\n\n\t\t\t\t\n\t\t\n\t\t\t\t\t\t\t\t\t\t\t\t<h4 class=\"fusion-rollover-title\">\n\t\t\t\t\t<a class=\"fusion-rollover-title-link\" href=\"https:\/\/www.gff.ch\/fr\/portfolio\/bundeshaus-ost\/?portfolioCats=145\">\n\t\t\t\t\t\tPalais f\u00e9d\u00e9rale Est\t\t\t\t\t<\/a>\n\t\t\t\t<\/h4>\n\t\t\t\n\t\t\t\t\t\t\t\t\t\t<div class=\"fusion-rollover-categories\"><a href=\"https:\/\/www.gff.ch\/fr\/portfolio-category\/signaletique\/\" rel=\"tag\">Signal\u00e9tique<\/a><\/div>\t\t\t\t\t\n\t\t\n\t\t\t\t\t\t<a class=\"fusion-link-wrapper\" href=\"https:\/\/www.gff.ch\/fr\/portfolio\/bundeshaus-ost\/?portfolioCats=145\" aria-label=\"Palais f\u00e9d\u00e9rale Est\"><\/a>\n\t<\/div>\n<\/div>\n<\/div>\n<\/div><\/article><article id=\"portfolio-1-post-14855\" class=\"fusion-portfolio-post signaletique fusion-col-spacing post-14855\"><div class=\"fusion-portfolio-content-wrapper\" style=\"border:none;\"><span class=\"entry-title rich-snippet-hidden\">Palais f\u00e9d\u00e9rale Ouest<\/span><span class=\"vcard rich-snippet-hidden\"><span class=\"fn\"><a href=\"https:\/\/www.gff.ch\/fr\/author\/gff\/\" rel=\"author\">No\u00ebmi Sandmeier<\/a><\/span><\/span><span class=\"updated rich-snippet-hidden\">2016-10-12T11:45:51+02:00<\/span><div  class=\"fusion-image-wrapper fusion-image-size-fixed\" aria-haspopup=\"true\">\n\t\t\t\t<img decoding=\"async\" width=\"300\" height=\"214\" src=\"https:\/\/www.gff.ch\/wp-content\/uploads\/2015\/10\/BHW1-300x214.jpg\" class=\"attachment-portfolio-three size-portfolio-three wp-post-image\" alt=\"\" \/><div class=\"fusion-rollover\">\n\t<div class=\"fusion-rollover-content\">\n\n\t\t\t\t\n\t\t\n\t\t\t\t\t\t\t\t\t\t\t\t<h4 class=\"fusion-rollover-title\">\n\t\t\t\t\t<a class=\"fusion-rollover-title-link\" href=\"https:\/\/www.gff.ch\/fr\/portfolio\/palais-federale-ouest\/?portfolioCats=145\">\n\t\t\t\t\t\tPalais f\u00e9d\u00e9rale Ouest\t\t\t\t\t<\/a>\n\t\t\t\t<\/h4>\n\t\t\t\n\t\t\t\t\t\t\t\t\t\t<div class=\"fusion-rollover-categories\"><a href=\"https:\/\/www.gff.ch\/fr\/portfolio-category\/signaletique\/\" rel=\"tag\">Signal\u00e9tique<\/a><\/div>\t\t\t\t\t\n\t\t\n\t\t\t\t\t\t<a class=\"fusion-link-wrapper\" href=\"https:\/\/www.gff.ch\/fr\/portfolio\/palais-federale-ouest\/?portfolioCats=145\" aria-label=\"Palais f\u00e9d\u00e9rale Ouest\"><\/a>\n\t<\/div>\n<\/div>\n<\/div>\n<\/div><\/article><article id=\"portfolio-1-post-14858\" class=\"fusion-portfolio-post signaletique fusion-col-spacing post-14858\"><div class=\"fusion-portfolio-content-wrapper\" style=\"border:none;\"><span class=\"entry-title rich-snippet-hidden\">Agroscope Changins<\/span><span class=\"vcard rich-snippet-hidden\"><span class=\"fn\"><a href=\"https:\/\/www.gff.ch\/fr\/author\/gff\/\" rel=\"author\">No\u00ebmi Sandmeier<\/a><\/span><\/span><span class=\"updated rich-snippet-hidden\">2016-10-12T11:45:51+02:00<\/span><div  class=\"fusion-image-wrapper fusion-image-size-fixed\" aria-haspopup=\"true\">\n\t\t\t\t<img decoding=\"async\" width=\"300\" height=\"214\" src=\"https:\/\/www.gff.ch\/wp-content\/uploads\/2015\/10\/Changins_962-1-300x214.jpg\" class=\"attachment-portfolio-three size-portfolio-three wp-post-image\" alt=\"\" \/><div class=\"fusion-rollover\">\n\t<div class=\"fusion-rollover-content\">\n\n\t\t\t\t\n\t\t\n\t\t\t\t\t\t\t\t\t\t\t\t<h4 class=\"fusion-rollover-title\">\n\t\t\t\t\t<a class=\"fusion-rollover-title-link\" href=\"https:\/\/www.gff.ch\/fr\/portfolio\/agroscope-changins\/?portfolioCats=145\">\n\t\t\t\t\t\tAgroscope Changins\t\t\t\t\t<\/a>\n\t\t\t\t<\/h4>\n\t\t\t\n\t\t\t\t\t\t\t\t\t\t<div class=\"fusion-rollover-categories\"><a href=\"https:\/\/www.gff.ch\/fr\/portfolio-category\/signaletique\/\" rel=\"tag\">Signal\u00e9tique<\/a><\/div>\t\t\t\t\t\n\t\t\n\t\t\t\t\t\t<a class=\"fusion-link-wrapper\" href=\"https:\/\/www.gff.ch\/fr\/portfolio\/agroscope-changins\/?portfolioCats=145\" aria-label=\"Agroscope Changins\"><\/a>\n\t<\/div>\n<\/div>\n<\/div>\n<\/div><\/article><article id=\"portfolio-1-post-14860\" class=\"fusion-portfolio-post signaletique fusion-col-spacing post-14860\"><div class=\"fusion-portfolio-content-wrapper\" style=\"border:none;\"><span class=\"entry-title rich-snippet-hidden\">Signal\u00e9tique pour pietons<\/span><span class=\"vcard rich-snippet-hidden\"><span class=\"fn\"><a href=\"https:\/\/www.gff.ch\/fr\/author\/gff\/\" rel=\"author\">No\u00ebmi Sandmeier<\/a><\/span><\/span><span class=\"updated rich-snippet-hidden\">2016-10-12T11:45:55+02:00<\/span><div  class=\"fusion-image-wrapper fusion-image-size-fixed\" aria-haspopup=\"true\">\n\t\t\t\t<img decoding=\"async\" width=\"300\" height=\"214\" src=\"https:\/\/www.gff.ch\/wp-content\/uploads\/2015\/09\/fgl_1-300x214.jpg\" class=\"attachment-portfolio-three size-portfolio-three wp-post-image\" alt=\"\" \/><div class=\"fusion-rollover\">\n\t<div class=\"fusion-rollover-content\">\n\n\t\t\t\t\n\t\t\n\t\t\t\t\t\t\t\t\t\t\t\t<h4 class=\"fusion-rollover-title\">\n\t\t\t\t\t<a class=\"fusion-rollover-title-link\" href=\"https:\/\/www.gff.ch\/fr\/portfolio\/signaletique-pour-pietons\/?portfolioCats=145\">\n\t\t\t\t\t\tSignal\u00e9tique pour pietons\t\t\t\t\t<\/a>\n\t\t\t\t<\/h4>\n\t\t\t\n\t\t\t\t\t\t\t\t\t\t<div class=\"fusion-rollover-categories\"><a href=\"https:\/\/www.gff.ch\/fr\/portfolio-category\/signaletique\/\" rel=\"tag\">Signal\u00e9tique<\/a><\/div>\t\t\t\t\t\n\t\t\n\t\t\t\t\t\t<a class=\"fusion-link-wrapper\" href=\"https:\/\/www.gff.ch\/fr\/portfolio\/signaletique-pour-pietons\/?portfolioCats=145\" aria-label=\"Signal\u00e9tique pour pietons\"><\/a>\n\t<\/div>\n<\/div>\n<\/div>\n<\/div><\/article><article id=\"portfolio-1-post-14862\" class=\"fusion-portfolio-post signaletique fusion-col-spacing post-14862\"><div class=\"fusion-portfolio-content-wrapper\" style=\"border:none;\"><span class=\"entry-title rich-snippet-hidden\">Cube Gare Olten<\/span><span class=\"vcard rich-snippet-hidden\"><span class=\"fn\"><a href=\"https:\/\/www.gff.ch\/fr\/author\/gff\/\" rel=\"author\">No\u00ebmi Sandmeier<\/a><\/span><\/span><span class=\"updated rich-snippet-hidden\">2016-10-12T11:45:55+02:00<\/span><div  class=\"fusion-image-wrapper fusion-image-size-fixed\" aria-haspopup=\"true\">\n\t\t\t\t<img decoding=\"async\" width=\"300\" height=\"214\" src=\"https:\/\/www.gff.ch\/wp-content\/uploads\/2015\/09\/Kubus1-300x214.jpg\" class=\"attachment-portfolio-three size-portfolio-three wp-post-image\" alt=\"\" \/><div class=\"fusion-rollover\">\n\t<div class=\"fusion-rollover-content\">\n\n\t\t\t\t\n\t\t\n\t\t\t\t\t\t\t\t\t\t\t\t<h4 class=\"fusion-rollover-title\">\n\t\t\t\t\t<a class=\"fusion-rollover-title-link\" href=\"https:\/\/www.gff.ch\/fr\/portfolio\/kubus-bahnhof-olten\/?portfolioCats=145\">\n\t\t\t\t\t\tCube Gare Olten\t\t\t\t\t<\/a>\n\t\t\t\t<\/h4>\n\t\t\t\n\t\t\t\t\t\t\t\t\t\t<div class=\"fusion-rollover-categories\"><a href=\"https:\/\/www.gff.ch\/fr\/portfolio-category\/signaletique\/\" rel=\"tag\">Signal\u00e9tique<\/a><\/div>\t\t\t\t\t\n\t\t\n\t\t\t\t\t\t<a class=\"fusion-link-wrapper\" href=\"https:\/\/www.gff.ch\/fr\/portfolio\/kubus-bahnhof-olten\/?portfolioCats=145\" aria-label=\"Cube Gare Olten\"><\/a>\n\t<\/div>\n<\/div>\n<\/div>\n<\/div><\/article><article id=\"portfolio-1-post-14865\" class=\"fusion-portfolio-post signaletique fusion-col-spacing post-14865\"><div class=\"fusion-portfolio-content-wrapper\" style=\"border:none;\"><span class=\"entry-title rich-snippet-hidden\">NMB Signal\u00e9tique<\/span><span class=\"vcard rich-snippet-hidden\"><span class=\"fn\"><a href=\"https:\/\/www.gff.ch\/fr\/author\/gff\/\" rel=\"author\">No\u00ebmi Sandmeier<\/a><\/span><\/span><span class=\"updated rich-snippet-hidden\">2016-10-12T11:45:55+02:00<\/span><div  class=\"fusion-image-wrapper fusion-image-size-fixed\" aria-haspopup=\"true\">\n\t\t\t\t<img decoding=\"async\" width=\"300\" height=\"214\" src=\"https:\/\/www.gff.ch\/wp-content\/uploads\/2014\/09\/NMB_Signaletik4-300x214.jpg\" class=\"attachment-portfolio-three size-portfolio-three wp-post-image\" alt=\"\" \/><div class=\"fusion-rollover\">\n\t<div class=\"fusion-rollover-content\">\n\n\t\t\t\t\n\t\t\n\t\t\t\t\t\t\t\t\t\t\t\t<h4 class=\"fusion-rollover-title\">\n\t\t\t\t\t<a class=\"fusion-rollover-title-link\" href=\"https:\/\/www.gff.ch\/fr\/portfolio\/nmb-signaletique\/?portfolioCats=145\">\n\t\t\t\t\t\tNMB Signal\u00e9tique\t\t\t\t\t<\/a>\n\t\t\t\t<\/h4>\n\t\t\t\n\t\t\t\t\t\t\t\t\t\t<div class=\"fusion-rollover-categories\"><a href=\"https:\/\/www.gff.ch\/fr\/portfolio-category\/signaletique\/\" rel=\"tag\">Signal\u00e9tique<\/a><\/div>\t\t\t\t\t\n\t\t\n\t\t\t\t\t\t<a class=\"fusion-link-wrapper\" href=\"https:\/\/www.gff.ch\/fr\/portfolio\/nmb-signaletique\/?portfolioCats=145\" aria-label=\"NMB Signal\u00e9tique\"><\/a>\n\t<\/div>\n<\/div>\n<\/div>\n<\/div><\/article><\/div><\/div><div class=\"fusion-clearfix\"><\/div><\/div><\/div><\/div><\/div>\n","protected":false},"excerpt":{"rendered":"","protected":false},"author":2,"featured_media":0,"parent":0,"menu_order":0,"comment_status":"closed","ping_status":"closed","template":"","meta":{"footnotes":""},"class_list":["post-16150","page","type-page","status-publish","hentry"],"_links":{"self":[{"href":"https:\/\/www.gff.ch\/fr\/wp-json\/wp\/v2\/pages\/16150","targetHints":{"allow":["GET"]}}],"collection":[{"href":"https:\/\/www.gff.ch\/fr\/wp-json\/wp\/v2\/pages"}],"about":[{"href":"https:\/\/www.gff.ch\/fr\/wp-json\/wp\/v2\/types\/page"}],"author":[{"embeddable":true,"href":"https:\/\/www.gff.ch\/fr\/wp-json\/wp\/v2\/users\/2"}],"replies":[{"embeddable":true,"href":"https:\/\/www.gff.ch\/fr\/wp-json\/wp\/v2\/comments?post=16150"}],"version-history":[{"count":1,"href":"https:\/\/www.gff.ch\/fr\/wp-json\/wp\/v2\/pages\/16150\/revisions"}],"predecessor-version":[{"id":16152,"href":"https:\/\/www.gff.ch\/fr\/wp-json\/wp\/v2\/pages\/16150\/revisions\/16152"}],"wp:attachment":[{"href":"https:\/\/www.gff.ch\/fr\/wp-json\/wp\/v2\/media?parent=16150"}],"curies":[{"name":"wp","href":"https:\/\/api.w.org\/{rel}","templated":true}]}}