{"id":15647,"date":"2017-05-09T10:21:14","date_gmt":"2017-05-09T08:21:14","guid":{"rendered":"http:\/\/www.gff.ch\/?page_id=15647\/"},"modified":"2017-08-30T17:10:26","modified_gmt":"2017-08-30T15:10:26","slug":"graphisme","status":"publish","type":"page","link":"https:\/\/www.gff.ch\/fr\/graphisme\/","title":{"rendered":"Graphisme"},"content":{"rendered":"<div class=\"fusion-fullwidth fullwidth-box fusion-builder-row-1 nonhundred-percent-fullwidth non-hundred-percent-height-scrolling\" style=\"--awb-border-radius-top-left:0px;--awb-border-radius-top-right:0px;--awb-border-radius-bottom-right:0px;--awb-border-radius-bottom-left:0px;--awb-padding-top:20px;--awb-padding-bottom:20px;--awb-flex-wrap:wrap;\" ><div class=\"fusion-builder-row fusion-row\"><div class=\"fusion-layout-column fusion_builder_column fusion-builder-column-0 fusion_builder_column_1_1 1_1 fusion-one-full fusion-column-first fusion-column-last\" style=\"--awb-bg-size:cover;\"><div class=\"fusion-column-wrapper fusion-flex-column-wrapper-legacy\"><div class=\"fusion-text fusion-text-1\"><h1>Logos<\/h1>\n<p>Seulement un logo unique ou un Corporate Design compl\u00e8te \u2013 nous cr\u00e9ons votre pr\u00e9sentations visuelle.<\/p>\n<\/div><div class=\"fusion-recent-works fusion-portfolio-element fusion-portfolio fusion-portfolio-1 fusion-portfolio-grid fusion-portfolio-paging-none fusion-portfolio-six fusion-portfolio-no_text fusion-portfolio-rollover\" data-id=\"-rw-1\" data-columns=\"six\"><style type=\"text\/css\">.fusion-portfolio-1 .fusion-portfolio-wrapper .fusion-col-spacing{padding:5px;}<\/style><div class=\"fusion-portfolio-wrapper\" id=\"fusion-portfolio-1\" data-picturesize=\"fixed\" data-pages=\"0\" style=\"margin:-5px;\"><article id=\"portfolio-1-post-14540\" class=\"fusion-portfolio-post corporate-design-fr fusion-col-spacing post-14540\"><div class=\"fusion-portfolio-content-wrapper\" style=\"border:none;\"><span class=\"entry-title rich-snippet-hidden\">C-PUR<\/span><span class=\"vcard rich-snippet-hidden\"><span class=\"fn\"><a href=\"https:\/\/www.gff.ch\/fr\/author\/gff\/\" rel=\"author\">No\u00ebmi Sandmeier<\/a><\/span><\/span><span class=\"updated rich-snippet-hidden\">2016-10-12T11:45:41+02:00<\/span><div  class=\"fusion-image-wrapper fusion-image-size-fixed\" aria-haspopup=\"true\">\n\t\t\t\t<img decoding=\"async\" width=\"177\" height=\"142\" src=\"https:\/\/www.gff.ch\/wp-content\/uploads\/2016\/09\/CPUR-1-177x142.jpg\" class=\"attachment-portfolio-five size-portfolio-five wp-post-image\" alt=\"\" \/><div class=\"fusion-rollover\">\n\t<div class=\"fusion-rollover-content\">\n\n\t\t\t\t\n\t\t\n\t\t\t\t\t\t\t\t\t\t\t\t<h4 class=\"fusion-rollover-title\">\n\t\t\t\t\t<a class=\"fusion-rollover-title-link\" href=\"https:\/\/www.gff.ch\/fr\/portfolio\/c-pur\/?portfolioCats=143\">\n\t\t\t\t\t\tC-PUR\t\t\t\t\t<\/a>\n\t\t\t\t<\/h4>\n\t\t\t\n\t\t\t\t\t\t\t\t\t\t<div class=\"fusion-rollover-categories\"><a href=\"https:\/\/www.gff.ch\/fr\/portfolio-category\/corporate-design-fr\/\" rel=\"tag\">Corporate Design<\/a><\/div>\t\t\t\t\t\n\t\t\n\t\t\t\t\t\t<a class=\"fusion-link-wrapper\" href=\"https:\/\/www.gff.ch\/fr\/portfolio\/c-pur\/?portfolioCats=143\" aria-label=\"C-PUR\"><\/a>\n\t<\/div>\n<\/div>\n<\/div>\n<\/div><\/article><article id=\"portfolio-1-post-14564\" class=\"fusion-portfolio-post corporate-design-fr fusion-col-spacing post-14564\"><div class=\"fusion-portfolio-content-wrapper\" style=\"border:none;\"><span class=\"entry-title rich-snippet-hidden\">Logos<\/span><span class=\"vcard rich-snippet-hidden\"><span class=\"fn\"><a href=\"https:\/\/www.gff.ch\/fr\/author\/gff\/\" rel=\"author\">No\u00ebmi Sandmeier<\/a><\/span><\/span><span class=\"updated rich-snippet-hidden\">2016-10-12T11:45:51+02:00<\/span><div  class=\"fusion-image-wrapper fusion-image-size-fixed\" aria-haspopup=\"true\">\n\t\t\t\t<img decoding=\"async\" width=\"177\" height=\"142\" src=\"https:\/\/www.gff.ch\/wp-content\/uploads\/2015\/10\/Logos_start-177x142.jpg\" class=\"attachment-portfolio-five size-portfolio-five wp-post-image\" alt=\"\" \/><div class=\"fusion-rollover\">\n\t<div class=\"fusion-rollover-content\">\n\n\t\t\t\t\n\t\t\n\t\t\t\t\t\t\t\t\t\t\t\t<h4 class=\"fusion-rollover-title\">\n\t\t\t\t\t<a class=\"fusion-rollover-title-link\" href=\"https:\/\/www.gff.ch\/fr\/portfolio\/logos\/?portfolioCats=143\">\n\t\t\t\t\t\tLogos\t\t\t\t\t<\/a>\n\t\t\t\t<\/h4>\n\t\t\t\n\t\t\t\t\t\t\t\t\t\t<div class=\"fusion-rollover-categories\"><a href=\"https:\/\/www.gff.ch\/fr\/portfolio-category\/corporate-design-fr\/\" rel=\"tag\">Corporate Design<\/a><\/div>\t\t\t\t\t\n\t\t\n\t\t\t\t\t\t<a class=\"fusion-link-wrapper\" href=\"https:\/\/www.gff.ch\/fr\/portfolio\/logos\/?portfolioCats=143\" aria-label=\"Logos\"><\/a>\n\t<\/div>\n<\/div>\n<\/div>\n<\/div><\/article><article id=\"portfolio-1-post-14567\" class=\"fusion-portfolio-post corporate-design-fr fusion-col-spacing post-14567\"><div class=\"fusion-portfolio-content-wrapper\" style=\"border:none;\"><span class=\"entry-title rich-snippet-hidden\">NMB<\/span><span class=\"vcard rich-snippet-hidden\"><span class=\"fn\"><a href=\"https:\/\/www.gff.ch\/fr\/author\/gff\/\" rel=\"author\">No\u00ebmi Sandmeier<\/a><\/span><\/span><span class=\"updated rich-snippet-hidden\">2016-10-12T11:45:55+02:00<\/span><div  class=\"fusion-image-wrapper fusion-image-size-fixed\" aria-haspopup=\"true\">\n\t\t\t\t<img decoding=\"async\" width=\"177\" height=\"142\" src=\"https:\/\/www.gff.ch\/wp-content\/uploads\/2015\/09\/NMB_start-177x142.jpg\" class=\"attachment-portfolio-five size-portfolio-five wp-post-image\" alt=\"\" \/><div class=\"fusion-rollover\">\n\t<div class=\"fusion-rollover-content\">\n\n\t\t\t\t\n\t\t\n\t\t\t\t\t\t\t\t\t\t\t\t<h4 class=\"fusion-rollover-title\">\n\t\t\t\t\t<a class=\"fusion-rollover-title-link\" href=\"https:\/\/www.gff.ch\/fr\/portfolio\/nmb\/?portfolioCats=143\">\n\t\t\t\t\t\tNMB\t\t\t\t\t<\/a>\n\t\t\t\t<\/h4>\n\t\t\t\n\t\t\t\t\t\t\t\t\t\t<div class=\"fusion-rollover-categories\"><a href=\"https:\/\/www.gff.ch\/fr\/portfolio-category\/corporate-design-fr\/\" rel=\"tag\">Corporate Design<\/a><\/div>\t\t\t\t\t\n\t\t\n\t\t\t\t\t\t<a class=\"fusion-link-wrapper\" href=\"https:\/\/www.gff.ch\/fr\/portfolio\/nmb\/?portfolioCats=143\" aria-label=\"NMB\"><\/a>\n\t<\/div>\n<\/div>\n<\/div>\n<\/div><\/article><article id=\"portfolio-1-post-14411\" class=\"fusion-portfolio-post corporate-design-fr fusion-col-spacing post-14411\"><div class=\"fusion-portfolio-content-wrapper\" style=\"border:none;\"><span class=\"entry-title rich-snippet-hidden\">Jousson Jardins<\/span><span class=\"vcard rich-snippet-hidden\"><span class=\"fn\"><a href=\"https:\/\/www.gff.ch\/fr\/author\/gff\/\" rel=\"author\">No\u00ebmi Sandmeier<\/a><\/span><\/span><span class=\"updated rich-snippet-hidden\">2016-10-12T11:45:56+02:00<\/span><div  class=\"fusion-image-wrapper fusion-image-size-fixed\" aria-haspopup=\"true\">\n\t\t\t\t<img decoding=\"async\" width=\"177\" height=\"142\" src=\"https:\/\/www.gff.ch\/wp-content\/uploads\/2014\/09\/JoussonJardins_start-177x142.jpg\" class=\"attachment-portfolio-five size-portfolio-five wp-post-image\" alt=\"\" \/><div class=\"fusion-rollover\">\n\t<div class=\"fusion-rollover-content\">\n\n\t\t\t\t\n\t\t\n\t\t\t\t\t\t\t\t\t\t\t\t<h4 class=\"fusion-rollover-title\">\n\t\t\t\t\t<a class=\"fusion-rollover-title-link\" href=\"https:\/\/www.gff.ch\/fr\/portfolio\/jousson-jardins\/?portfolioCats=143\">\n\t\t\t\t\t\tJousson Jardins\t\t\t\t\t<\/a>\n\t\t\t\t<\/h4>\n\t\t\t\n\t\t\t\t\t\t\t\t\t\t<div class=\"fusion-rollover-categories\"><a href=\"https:\/\/www.gff.ch\/fr\/portfolio-category\/corporate-design-fr\/\" rel=\"tag\">Corporate Design<\/a><\/div>\t\t\t\t\t\n\t\t\n\t\t\t\t\t\t<a class=\"fusion-link-wrapper\" href=\"https:\/\/www.gff.ch\/fr\/portfolio\/jousson-jardins\/?portfolioCats=143\" aria-label=\"Jousson Jardins\"><\/a>\n\t<\/div>\n<\/div>\n<\/div>\n<\/div><\/article><\/div><\/div><div class=\"fusion-sep-clear\"><\/div><div class=\"fusion-separator fusion-full-width-sep\" style=\"margin-left: auto;margin-right: auto;width:100%;\"><div class=\"fusion-separator-border sep-single sep-solid\" style=\"--awb-height:20px;--awb-amount:20px;--awb-sep-color:#8bc34a;border-color:#8bc34a;border-top-width:1px;\"><\/div><\/div><div class=\"fusion-sep-clear\"><\/div><div class=\"fusion-text fusion-text-2\"><h1>Elements de communication<\/h1>\n<p id=\"tw-target-text\" class=\"tw-data-text tw-ta tw-text-small\" dir=\"ltr\" data-placeholder=\"\u00dcbersetzung\"><span lang=\"fr\">Que ce soit des produits imprim\u00e9e ou des produits web &#8211; nous r\u00e9alisons vos produits de communication pour votre groupe cible.<\/span><\/p>\n<\/div><div class=\"fusion-recent-works fusion-portfolio-element fusion-portfolio fusion-portfolio-2 fusion-portfolio-grid fusion-portfolio-paging-none fusion-portfolio-six fusion-portfolio-no_text fusion-portfolio-rollover\" data-id=\"-rw-2\" data-columns=\"six\"><style type=\"text\/css\">.fusion-portfolio-2 .fusion-portfolio-wrapper .fusion-col-spacing{padding:5px;}<\/style><div class=\"fusion-portfolio-wrapper\" id=\"fusion-portfolio-2\" data-picturesize=\"fixed\" data-pages=\"0\" style=\"margin:-5px;\"><article id=\"portfolio-2-post-15537\" class=\"fusion-portfolio-post graphique fusion-col-spacing post-15537\"><div class=\"fusion-portfolio-content-wrapper\" style=\"border:none;\"><span class=\"entry-title rich-snippet-hidden\">Benefizanlass Gassenk\u00fcche<\/span><span class=\"vcard rich-snippet-hidden\"><span class=\"fn\"><a href=\"https:\/\/www.gff.ch\/fr\/author\/gff\/\" rel=\"author\">No\u00ebmi Sandmeier<\/a><\/span><\/span><span class=\"updated rich-snippet-hidden\">2016-10-18T16:23:21+02:00<\/span><div  class=\"fusion-image-wrapper fusion-image-size-fixed\" aria-haspopup=\"true\">\n\t\t\t\t<img decoding=\"async\" width=\"177\" height=\"142\" src=\"https:\/\/www.gff.ch\/wp-content\/uploads\/2016\/10\/Benefizanlass_Gassenkueche_F4-177x142.jpg\" class=\"attachment-portfolio-five size-portfolio-five wp-post-image\" alt=\"\" \/><div class=\"fusion-rollover\">\n\t<div class=\"fusion-rollover-content\">\n\n\t\t\t\t\n\t\t\n\t\t\t\t\t\t\t\t\t\t\t\t<h4 class=\"fusion-rollover-title\">\n\t\t\t\t\t<a class=\"fusion-rollover-title-link\" href=\"https:\/\/www.gff.ch\/fr\/portfolio\/benefizanlass-gassenkueche\/?portfolioCats=144\">\n\t\t\t\t\t\tBenefizanlass Gassenk\u00fcche\t\t\t\t\t<\/a>\n\t\t\t\t<\/h4>\n\t\t\t\n\t\t\t\t\t\t\t\t\t\t<div class=\"fusion-rollover-categories\"><a href=\"https:\/\/www.gff.ch\/fr\/portfolio-category\/graphique\/\" rel=\"tag\">Graphique<\/a><\/div>\t\t\t\t\t\n\t\t\n\t\t\t\t\t\t<a class=\"fusion-link-wrapper\" href=\"https:\/\/www.gff.ch\/fr\/portfolio\/benefizanlass-gassenkueche\/?portfolioCats=144\" aria-label=\"Benefizanlass Gassenk\u00fcche\"><\/a>\n\t<\/div>\n<\/div>\n<\/div>\n<\/div><\/article><article id=\"portfolio-2-post-15413\" class=\"fusion-portfolio-post graphique fusion-col-spacing post-15413\"><div class=\"fusion-portfolio-content-wrapper\" style=\"border:none;\"><span class=\"entry-title rich-snippet-hidden\">Robbie<\/span><span class=\"vcard rich-snippet-hidden\"><span class=\"fn\"><a href=\"https:\/\/www.gff.ch\/fr\/author\/gff\/\" rel=\"author\">No\u00ebmi Sandmeier<\/a><\/span><\/span><span class=\"updated rich-snippet-hidden\">2016-10-12T11:45:26+02:00<\/span><div  class=\"fusion-image-wrapper fusion-image-size-fixed\" aria-haspopup=\"true\">\n\t\t\t\t<img decoding=\"async\" width=\"177\" height=\"142\" src=\"https:\/\/www.gff.ch\/wp-content\/uploads\/2016\/10\/robbie-177x142.jpg\" class=\"attachment-portfolio-five size-portfolio-five wp-post-image\" alt=\"\" \/><div class=\"fusion-rollover\">\n\t<div class=\"fusion-rollover-content\">\n\n\t\t\t\t\n\t\t\n\t\t\t\t\t\t\t\t\t\t\t\t<h4 class=\"fusion-rollover-title\">\n\t\t\t\t\t<a class=\"fusion-rollover-title-link\" href=\"https:\/\/www.gff.ch\/fr\/portfolio\/robbie\/?portfolioCats=144\">\n\t\t\t\t\t\tRobbie\t\t\t\t\t<\/a>\n\t\t\t\t<\/h4>\n\t\t\t\n\t\t\t\t\t\t\t\t\t\t<div class=\"fusion-rollover-categories\"><a href=\"https:\/\/www.gff.ch\/fr\/portfolio-category\/graphique\/\" rel=\"tag\">Graphique<\/a><\/div>\t\t\t\t\t\n\t\t\n\t\t\t\t\t\t<a class=\"fusion-link-wrapper\" href=\"https:\/\/www.gff.ch\/fr\/portfolio\/robbie\/?portfolioCats=144\" aria-label=\"Robbie\"><\/a>\n\t<\/div>\n<\/div>\n<\/div>\n<\/div><\/article><article id=\"portfolio-2-post-15398\" class=\"fusion-portfolio-post graphique fusion-col-spacing post-15398\"><div class=\"fusion-portfolio-content-wrapper\" style=\"border:none;\"><span class=\"entry-title rich-snippet-hidden\">NMB Flyer<\/span><span class=\"vcard rich-snippet-hidden\"><span class=\"fn\"><a href=\"https:\/\/www.gff.ch\/fr\/author\/gff\/\" rel=\"author\">No\u00ebmi Sandmeier<\/a><\/span><\/span><span class=\"updated rich-snippet-hidden\">2016-10-12T11:45:26+02:00<\/span><div  class=\"fusion-image-wrapper fusion-image-size-fixed\" aria-haspopup=\"true\">\n\t\t\t\t<img decoding=\"async\" width=\"177\" height=\"142\" src=\"https:\/\/www.gff.ch\/wp-content\/uploads\/2016\/10\/NMB_Sattsehen_A5-177x142.jpg\" class=\"attachment-portfolio-five size-portfolio-five wp-post-image\" alt=\"\" \/><div class=\"fusion-rollover\">\n\t<div class=\"fusion-rollover-content\">\n\n\t\t\t\t\n\t\t\n\t\t\t\t\t\t\t\t\t\t\t\t<h4 class=\"fusion-rollover-title\">\n\t\t\t\t\t<a class=\"fusion-rollover-title-link\" href=\"https:\/\/www.gff.ch\/fr\/portfolio\/nmb-flyer\/?portfolioCats=144\">\n\t\t\t\t\t\tNMB Flyer\t\t\t\t\t<\/a>\n\t\t\t\t<\/h4>\n\t\t\t\n\t\t\t\t\t\t\t\t\t\t<div class=\"fusion-rollover-categories\"><a href=\"https:\/\/www.gff.ch\/fr\/portfolio-category\/graphique\/\" rel=\"tag\">Graphique<\/a><\/div>\t\t\t\t\t\n\t\t\n\t\t\t\t\t\t<a class=\"fusion-link-wrapper\" href=\"https:\/\/www.gff.ch\/fr\/portfolio\/nmb-flyer\/?portfolioCats=144\" aria-label=\"NMB Flyer\"><\/a>\n\t<\/div>\n<\/div>\n<\/div>\n<\/div><\/article><article id=\"portfolio-2-post-15202\" class=\"fusion-portfolio-post graphique fusion-col-spacing post-15202\"><div class=\"fusion-portfolio-content-wrapper\" style=\"border:none;\"><span class=\"entry-title rich-snippet-hidden\">Arbeitsr\u00e4ume Bundesrat<\/span><span class=\"vcard rich-snippet-hidden\"><span class=\"fn\"><a href=\"https:\/\/www.gff.ch\/fr\/author\/gff\/\" rel=\"author\">No\u00ebmi Sandmeier<\/a><\/span><\/span><span class=\"updated rich-snippet-hidden\">2016-10-12T11:45:30+02:00<\/span><div  class=\"fusion-image-wrapper fusion-image-size-fixed\" aria-haspopup=\"true\">\n\t\t\t\t<img decoding=\"async\" width=\"177\" height=\"142\" src=\"https:\/\/www.gff.ch\/wp-content\/uploads\/2016\/10\/GFF_REF_6828-177x142.jpg\" class=\"attachment-portfolio-five size-portfolio-five wp-post-image\" alt=\"\" \/><div class=\"fusion-rollover\">\n\t<div class=\"fusion-rollover-content\">\n\n\t\t\t\t\n\t\t\n\t\t\t\t\t\t\t\t\t\t\t\t<h4 class=\"fusion-rollover-title\">\n\t\t\t\t\t<a class=\"fusion-rollover-title-link\" href=\"https:\/\/www.gff.ch\/fr\/portfolio\/arbeitsraeume-bundesrat\/?portfolioCats=144\">\n\t\t\t\t\t\tArbeitsr\u00e4ume Bundesrat\t\t\t\t\t<\/a>\n\t\t\t\t<\/h4>\n\t\t\t\n\t\t\t\t\t\t\t\t\t\t<div class=\"fusion-rollover-categories\"><a href=\"https:\/\/www.gff.ch\/fr\/portfolio-category\/graphique\/\" rel=\"tag\">Graphique<\/a><\/div>\t\t\t\t\t\n\t\t\n\t\t\t\t\t\t<a class=\"fusion-link-wrapper\" href=\"https:\/\/www.gff.ch\/fr\/portfolio\/arbeitsraeume-bundesrat\/?portfolioCats=144\" aria-label=\"Arbeitsr\u00e4ume Bundesrat\"><\/a>\n\t<\/div>\n<\/div>\n<\/div>\n<\/div><\/article><article id=\"portfolio-2-post-14771\" class=\"fusion-portfolio-post graphique fusion-col-spacing post-14771\"><div class=\"fusion-portfolio-content-wrapper\" style=\"border:none;\"><span class=\"entry-title rich-snippet-hidden\">Atelier de gravure Moutier<\/span><span class=\"vcard rich-snippet-hidden\"><span class=\"fn\"><a href=\"https:\/\/www.gff.ch\/fr\/author\/gff\/\" rel=\"author\">No\u00ebmi Sandmeier<\/a><\/span><\/span><span class=\"updated rich-snippet-hidden\">2016-10-12T11:45:30+02:00<\/span><div  class=\"fusion-image-wrapper fusion-image-size-fixed\" aria-haspopup=\"true\">\n\t\t\t\t<img decoding=\"async\" width=\"177\" height=\"142\" src=\"https:\/\/www.gff.ch\/wp-content\/uploads\/2016\/07\/ATELIER_3905-177x142.jpg\" class=\"attachment-portfolio-five size-portfolio-five wp-post-image\" alt=\"\" \/><div class=\"fusion-rollover\">\n\t<div class=\"fusion-rollover-content\">\n\n\t\t\t\t\n\t\t\n\t\t\t\t\t\t\t\t\t\t\t\t<h4 class=\"fusion-rollover-title\">\n\t\t\t\t\t<a class=\"fusion-rollover-title-link\" href=\"https:\/\/www.gff.ch\/fr\/portfolio\/atelier-de-gravure-moutier\/?portfolioCats=144\">\n\t\t\t\t\t\tAtelier de gravure Moutier\t\t\t\t\t<\/a>\n\t\t\t\t<\/h4>\n\t\t\t\n\t\t\t\t\t\t\t\t\t\t<div class=\"fusion-rollover-categories\"><a href=\"https:\/\/www.gff.ch\/fr\/portfolio-category\/graphique\/\" rel=\"tag\">Graphique<\/a><\/div>\t\t\t\t\t\n\t\t\n\t\t\t\t\t\t<a class=\"fusion-link-wrapper\" href=\"https:\/\/www.gff.ch\/fr\/portfolio\/atelier-de-gravure-moutier\/?portfolioCats=144\" aria-label=\"Atelier de gravure Moutier\"><\/a>\n\t<\/div>\n<\/div>\n<\/div>\n<\/div><\/article><article id=\"portfolio-2-post-14927\" class=\"fusion-portfolio-post graphique fusion-col-spacing post-14927\"><div class=\"fusion-portfolio-content-wrapper\" style=\"border:none;\"><span class=\"entry-title rich-snippet-hidden\">Ohne Titel \u2013 Zwischenwelten<\/span><span class=\"vcard rich-snippet-hidden\"><span class=\"fn\"><a href=\"https:\/\/www.gff.ch\/fr\/author\/gff\/\" rel=\"author\">No\u00ebmi Sandmeier<\/a><\/span><\/span><span class=\"updated rich-snippet-hidden\">2016-10-12T11:45:30+02:00<\/span><div  class=\"fusion-image-wrapper fusion-image-size-fixed\" aria-haspopup=\"true\">\n\t\t\t\t<img decoding=\"async\" width=\"177\" height=\"142\" src=\"https:\/\/www.gff.ch\/wp-content\/uploads\/2016\/09\/JH1-177x142.jpg\" class=\"attachment-portfolio-five size-portfolio-five wp-post-image\" alt=\"\" \/><div class=\"fusion-rollover\">\n\t<div class=\"fusion-rollover-content\">\n\n\t\t\t\t\n\t\t\n\t\t\t\t\t\t\t\t\t\t\t\t<h4 class=\"fusion-rollover-title\">\n\t\t\t\t\t<a class=\"fusion-rollover-title-link\" href=\"https:\/\/www.gff.ch\/fr\/portfolio\/ohne-titel-zwischenwelten\/?portfolioCats=144\">\n\t\t\t\t\t\tOhne Titel \u2013 Zwischenwelten\t\t\t\t\t<\/a>\n\t\t\t\t<\/h4>\n\t\t\t\n\t\t\t\t\t\t\t\t\t\t<div class=\"fusion-rollover-categories\"><a href=\"https:\/\/www.gff.ch\/fr\/portfolio-category\/graphique\/\" rel=\"tag\">Graphique<\/a><\/div>\t\t\t\t\t\n\t\t\n\t\t\t\t\t\t<a class=\"fusion-link-wrapper\" href=\"https:\/\/www.gff.ch\/fr\/portfolio\/ohne-titel-zwischenwelten\/?portfolioCats=144\" aria-label=\"Ohne Titel \u2013 Zwischenwelten\"><\/a>\n\t<\/div>\n<\/div>\n<\/div>\n<\/div><\/article><article id=\"portfolio-2-post-14774\" class=\"fusion-portfolio-post graphique fusion-col-spacing post-14774\"><div class=\"fusion-portfolio-content-wrapper\" style=\"border:none;\"><span class=\"entry-title rich-snippet-hidden\">Palais f\u00e9d\u00e9rale ouest: Transformation et r\u00e9novation 2005-2011<\/span><span class=\"vcard rich-snippet-hidden\"><span class=\"fn\"><a href=\"https:\/\/www.gff.ch\/fr\/author\/gff\/\" rel=\"author\">No\u00ebmi Sandmeier<\/a><\/span><\/span><span class=\"updated rich-snippet-hidden\">2016-10-12T11:45:34+02:00<\/span><div  class=\"fusion-image-wrapper fusion-image-size-fixed\" aria-haspopup=\"true\">\n\t\t\t\t<img decoding=\"async\" width=\"177\" height=\"142\" src=\"https:\/\/www.gff.ch\/wp-content\/uploads\/2016\/09\/Bundeshaus_BUCH_03817-177x142.jpg\" class=\"attachment-portfolio-five size-portfolio-five wp-post-image\" alt=\"\" \/><div class=\"fusion-rollover\">\n\t<div class=\"fusion-rollover-content\">\n\n\t\t\t\t\n\t\t\n\t\t\t\t\t\t\t\t\t\t\t\t<h4 class=\"fusion-rollover-title\">\n\t\t\t\t\t<a class=\"fusion-rollover-title-link\" href=\"https:\/\/www.gff.ch\/fr\/portfolio\/bundeshaus-west-umbau-und-sanierung-2005-2011\/?portfolioCats=144\">\n\t\t\t\t\t\tPalais f\u00e9d\u00e9rale ouest: Transformation et r\u00e9novation 2005-2011\t\t\t\t\t<\/a>\n\t\t\t\t<\/h4>\n\t\t\t\n\t\t\t\t\t\t\t\t\t\t<div class=\"fusion-rollover-categories\"><a href=\"https:\/\/www.gff.ch\/fr\/portfolio-category\/graphique\/\" rel=\"tag\">Graphique<\/a><\/div>\t\t\t\t\t\n\t\t\n\t\t\t\t\t\t<a class=\"fusion-link-wrapper\" href=\"https:\/\/www.gff.ch\/fr\/portfolio\/bundeshaus-west-umbau-und-sanierung-2005-2011\/?portfolioCats=144\" aria-label=\"Palais f\u00e9d\u00e9rale ouest: Transformation et r\u00e9novation 2005-2011\"><\/a>\n\t<\/div>\n<\/div>\n<\/div>\n<\/div><\/article><article id=\"portfolio-2-post-14958\" class=\"fusion-portfolio-post graphique fusion-col-spacing post-14958\"><div class=\"fusion-portfolio-content-wrapper\" style=\"border:none;\"><span class=\"entry-title rich-snippet-hidden\">Bildungsf\u00fchrer<\/span><span class=\"vcard rich-snippet-hidden\"><span class=\"fn\"><a href=\"https:\/\/www.gff.ch\/fr\/author\/gff\/\" rel=\"author\">No\u00ebmi Sandmeier<\/a><\/span><\/span><span class=\"updated rich-snippet-hidden\">2016-10-12T11:45:34+02:00<\/span><div  class=\"fusion-image-wrapper fusion-image-size-fixed\" aria-haspopup=\"true\">\n\t\t\t\t<img decoding=\"async\" width=\"177\" height=\"142\" src=\"https:\/\/www.gff.ch\/wp-content\/uploads\/2016\/09\/sanu_BF1-177x142.jpg\" class=\"attachment-portfolio-five size-portfolio-five wp-post-image\" alt=\"\" \/><div class=\"fusion-rollover\">\n\t<div class=\"fusion-rollover-content\">\n\n\t\t\t\t\n\t\t\n\t\t\t\t\t\t\t\t\t\t\t\t<h4 class=\"fusion-rollover-title\">\n\t\t\t\t\t<a class=\"fusion-rollover-title-link\" href=\"https:\/\/www.gff.ch\/fr\/portfolio\/bildungsfuehrer\/?portfolioCats=144\">\n\t\t\t\t\t\tBildungsf\u00fchrer\t\t\t\t\t<\/a>\n\t\t\t\t<\/h4>\n\t\t\t\n\t\t\t\t\t\t\t\t\t\t<div class=\"fusion-rollover-categories\"><a href=\"https:\/\/www.gff.ch\/fr\/portfolio-category\/graphique\/\" rel=\"tag\">Graphique<\/a><\/div>\t\t\t\t\t\n\t\t\n\t\t\t\t\t\t<a class=\"fusion-link-wrapper\" href=\"https:\/\/www.gff.ch\/fr\/portfolio\/bildungsfuehrer\/?portfolioCats=144\" aria-label=\"Bildungsf\u00fchrer\"><\/a>\n\t<\/div>\n<\/div>\n<\/div>\n<\/div><\/article><article id=\"portfolio-2-post-14974\" class=\"fusion-portfolio-post graphique fusion-col-spacing post-14974\"><div class=\"fusion-portfolio-content-wrapper\" style=\"border:none;\"><span class=\"entry-title rich-snippet-hidden\">Agroscope Bulletin<\/span><span class=\"vcard rich-snippet-hidden\"><span class=\"fn\"><a href=\"https:\/\/www.gff.ch\/fr\/author\/gff\/\" rel=\"author\">No\u00ebmi Sandmeier<\/a><\/span><\/span><span class=\"updated rich-snippet-hidden\">2016-10-12T11:45:37+02:00<\/span><div  class=\"fusion-image-wrapper fusion-image-size-fixed\" aria-haspopup=\"true\">\n\t\t\t\t<img decoding=\"async\" width=\"177\" height=\"142\" src=\"https:\/\/www.gff.ch\/wp-content\/uploads\/2016\/10\/Changin1-177x142.jpg\" class=\"attachment-portfolio-five size-portfolio-five wp-post-image\" alt=\"\" \/><div class=\"fusion-rollover\">\n\t<div class=\"fusion-rollover-content\">\n\n\t\t\t\t\n\t\t\n\t\t\t\t\t\t\t\t\t\t\t\t<h4 class=\"fusion-rollover-title\">\n\t\t\t\t\t<a class=\"fusion-rollover-title-link\" href=\"https:\/\/www.gff.ch\/fr\/portfolio\/agroscope-bulletin\/?portfolioCats=144\">\n\t\t\t\t\t\tAgroscope Bulletin\t\t\t\t\t<\/a>\n\t\t\t\t<\/h4>\n\t\t\t\n\t\t\t\t\t\t\t\t\t\t<div class=\"fusion-rollover-categories\"><a href=\"https:\/\/www.gff.ch\/fr\/portfolio-category\/graphique\/\" rel=\"tag\">Graphique<\/a><\/div>\t\t\t\t\t\n\t\t\n\t\t\t\t\t\t<a class=\"fusion-link-wrapper\" href=\"https:\/\/www.gff.ch\/fr\/portfolio\/agroscope-bulletin\/?portfolioCats=144\" aria-label=\"Agroscope Bulletin\"><\/a>\n\t<\/div>\n<\/div>\n<\/div>\n<\/div><\/article><article id=\"portfolio-2-post-14897\" class=\"fusion-portfolio-post graphique fusion-col-spacing post-14897\"><div class=\"fusion-portfolio-content-wrapper\" style=\"border:none;\"><span class=\"entry-title rich-snippet-hidden\">Flury &#038; Rudolf: Cartes annuelles<\/span><span class=\"vcard rich-snippet-hidden\"><span class=\"fn\"><a href=\"https:\/\/www.gff.ch\/fr\/author\/gff\/\" rel=\"author\">No\u00ebmi Sandmeier<\/a><\/span><\/span><span class=\"updated rich-snippet-hidden\">2016-10-12T11:45:38+02:00<\/span><div  class=\"fusion-image-wrapper fusion-image-size-fixed\" aria-haspopup=\"true\">\n\t\t\t\t<img decoding=\"async\" width=\"177\" height=\"142\" src=\"https:\/\/www.gff.ch\/wp-content\/uploads\/2016\/09\/FluryRudolf_Karte-177x142.jpg\" class=\"attachment-portfolio-five size-portfolio-five wp-post-image\" alt=\"\" \/><div class=\"fusion-rollover\">\n\t<div class=\"fusion-rollover-content\">\n\n\t\t\t\t\n\t\t\n\t\t\t\t\t\t\t\t\t\t\t\t<h4 class=\"fusion-rollover-title\">\n\t\t\t\t\t<a class=\"fusion-rollover-title-link\" href=\"https:\/\/www.gff.ch\/fr\/portfolio\/flury-rudolf-cartes-annuelles\/?portfolioCats=144\">\n\t\t\t\t\t\tFlury &#038; Rudolf: Cartes annuelles\t\t\t\t\t<\/a>\n\t\t\t\t<\/h4>\n\t\t\t\n\t\t\t\t\t\t\t\t\t\t<div class=\"fusion-rollover-categories\"><a href=\"https:\/\/www.gff.ch\/fr\/portfolio-category\/graphique\/\" rel=\"tag\">Graphique<\/a><\/div>\t\t\t\t\t\n\t\t\n\t\t\t\t\t\t<a class=\"fusion-link-wrapper\" href=\"https:\/\/www.gff.ch\/fr\/portfolio\/flury-rudolf-cartes-annuelles\/?portfolioCats=144\" aria-label=\"Flury &#038; Rudolf: Cartes annuelles\"><\/a>\n\t<\/div>\n<\/div>\n<\/div>\n<\/div><\/article><article id=\"portfolio-2-post-14900\" class=\"fusion-portfolio-post graphique fusion-col-spacing post-14900\"><div class=\"fusion-portfolio-content-wrapper\" style=\"border:none;\"><span class=\"entry-title rich-snippet-hidden\">WWB: Cartes annuelles<\/span><span class=\"vcard rich-snippet-hidden\"><span class=\"fn\"><a href=\"https:\/\/www.gff.ch\/fr\/author\/gff\/\" rel=\"author\">No\u00ebmi Sandmeier<\/a><\/span><\/span><span class=\"updated rich-snippet-hidden\">2016-10-12T11:45:38+02:00<\/span><div  class=\"fusion-image-wrapper fusion-image-size-fixed\" aria-haspopup=\"true\">\n\t\t\t\t<img decoding=\"async\" width=\"177\" height=\"142\" src=\"https:\/\/www.gff.ch\/wp-content\/uploads\/2016\/09\/WWB_Karte-177x142.jpg\" class=\"attachment-portfolio-five size-portfolio-five wp-post-image\" alt=\"\" \/><div class=\"fusion-rollover\">\n\t<div class=\"fusion-rollover-content\">\n\n\t\t\t\t\n\t\t\n\t\t\t\t\t\t\t\t\t\t\t\t<h4 class=\"fusion-rollover-title\">\n\t\t\t\t\t<a class=\"fusion-rollover-title-link\" href=\"https:\/\/www.gff.ch\/fr\/portfolio\/wwb-cartes-annuelles\/?portfolioCats=144\">\n\t\t\t\t\t\tWWB: Cartes annuelles\t\t\t\t\t<\/a>\n\t\t\t\t<\/h4>\n\t\t\t\n\t\t\t\t\t\t\t\t\t\t<div class=\"fusion-rollover-categories\"><a href=\"https:\/\/www.gff.ch\/fr\/portfolio-category\/graphique\/\" rel=\"tag\">Graphique<\/a><\/div>\t\t\t\t\t\n\t\t\n\t\t\t\t\t\t<a class=\"fusion-link-wrapper\" href=\"https:\/\/www.gff.ch\/fr\/portfolio\/wwb-cartes-annuelles\/?portfolioCats=144\" aria-label=\"WWB: Cartes annuelles\"><\/a>\n\t<\/div>\n<\/div>\n<\/div>\n<\/div><\/article><article id=\"portfolio-2-post-14595\" class=\"fusion-portfolio-post graphique fusion-col-spacing post-14595\"><div class=\"fusion-portfolio-content-wrapper\" style=\"border:none;\"><span class=\"entry-title rich-snippet-hidden\">Affiches<\/span><span class=\"vcard rich-snippet-hidden\"><span class=\"fn\"><a href=\"https:\/\/www.gff.ch\/fr\/author\/gff\/\" rel=\"author\">No\u00ebmi Sandmeier<\/a><\/span><\/span><span class=\"updated rich-snippet-hidden\">2016-10-12T11:45:51+02:00<\/span><div  class=\"fusion-image-wrapper fusion-image-size-fixed\" aria-haspopup=\"true\">\n\t\t\t\t<img decoding=\"async\" width=\"177\" height=\"142\" src=\"https:\/\/www.gff.ch\/wp-content\/uploads\/2015\/10\/SHS-177x142.jpg\" class=\"attachment-portfolio-five size-portfolio-five wp-post-image\" alt=\"\" \/><div class=\"fusion-rollover\">\n\t<div class=\"fusion-rollover-content\">\n\n\t\t\t\t\n\t\t\n\t\t\t\t\t\t\t\t\t\t\t\t<h4 class=\"fusion-rollover-title\">\n\t\t\t\t\t<a class=\"fusion-rollover-title-link\" href=\"https:\/\/www.gff.ch\/fr\/portfolio\/jubilaeumsplakate\/?portfolioCats=144\">\n\t\t\t\t\t\tAffiches\t\t\t\t\t<\/a>\n\t\t\t\t<\/h4>\n\t\t\t\n\t\t\t\t\t\t\t\t\t\t<div class=\"fusion-rollover-categories\"><a href=\"https:\/\/www.gff.ch\/fr\/portfolio-category\/graphique\/\" rel=\"tag\">Graphique<\/a><\/div>\t\t\t\t\t\n\t\t\n\t\t\t\t\t\t<a class=\"fusion-link-wrapper\" href=\"https:\/\/www.gff.ch\/fr\/portfolio\/jubilaeumsplakate\/?portfolioCats=144\" aria-label=\"Affiches\"><\/a>\n\t<\/div>\n<\/div>\n<\/div>\n<\/div><\/article><article id=\"portfolio-2-post-14905\" class=\"fusion-portfolio-post graphique fusion-col-spacing post-14905\"><div class=\"fusion-portfolio-content-wrapper\" style=\"border:none;\"><span class=\"entry-title rich-snippet-hidden\">arkhaiologia<\/span><span class=\"vcard rich-snippet-hidden\"><span class=\"fn\"><a href=\"https:\/\/www.gff.ch\/fr\/author\/gff\/\" rel=\"author\">No\u00ebmi Sandmeier<\/a><\/span><\/span><span class=\"updated rich-snippet-hidden\">2016-10-12T11:45:52+02:00<\/span><div  class=\"fusion-image-wrapper fusion-image-size-fixed\" aria-haspopup=\"true\">\n\t\t\t\t<img decoding=\"async\" width=\"177\" height=\"142\" src=\"https:\/\/www.gff.ch\/wp-content\/uploads\/2015\/09\/arkhaiologia0-177x142.jpg\" class=\"attachment-portfolio-five size-portfolio-five wp-post-image\" alt=\"\" \/><div class=\"fusion-rollover\">\n\t<div class=\"fusion-rollover-content\">\n\n\t\t\t\t\n\t\t\n\t\t\t\t\t\t\t\t\t\t\t\t<h4 class=\"fusion-rollover-title\">\n\t\t\t\t\t<a class=\"fusion-rollover-title-link\" href=\"https:\/\/www.gff.ch\/fr\/portfolio\/arkhaiologia\/?portfolioCats=144\">\n\t\t\t\t\t\tarkhaiologia\t\t\t\t\t<\/a>\n\t\t\t\t<\/h4>\n\t\t\t\n\t\t\t\t\t\t\t\t\t\t<div class=\"fusion-rollover-categories\"><a href=\"https:\/\/www.gff.ch\/fr\/portfolio-category\/graphique\/\" rel=\"tag\">Graphique<\/a><\/div>\t\t\t\t\t\n\t\t\n\t\t\t\t\t\t<a class=\"fusion-link-wrapper\" href=\"https:\/\/www.gff.ch\/fr\/portfolio\/arkhaiologia\/?portfolioCats=144\" aria-label=\"arkhaiologia\"><\/a>\n\t<\/div>\n<\/div>\n<\/div>\n<\/div><\/article><\/div><\/div><div class=\"fusion-sep-clear\"><\/div><div class=\"fusion-separator fusion-full-width-sep\" style=\"margin-left: auto;margin-right: auto;width:100%;\"><div class=\"fusion-separator-border sep-single sep-solid\" style=\"--awb-height:20px;--awb-amount:20px;--awb-sep-color:#8bc34a;border-color:#8bc34a;border-top-width:1px;\"><\/div><\/div><div class=\"fusion-sep-clear\"><\/div><div class=\"fusion-text fusion-text-3\"><h1>Signal\u00e9tique<\/h1>\n<p id=\"tw-target-text\" class=\"tw-data-text tw-ta tw-text-small\" dir=\"ltr\" data-placeholder=\"\u00dcbersetzung\"><span lang=\"fr\">Que ce soit juste un signe ou un affichage complet &#8211; nous le cr\u00e9ons.<\/span><\/p>\n<\/div><div class=\"fusion-recent-works fusion-portfolio-element fusion-portfolio fusion-portfolio-3 fusion-portfolio-grid fusion-portfolio-paging-none fusion-portfolio-six fusion-portfolio-no_text fusion-portfolio-rollover\" data-id=\"-rw-3\" data-columns=\"six\"><style type=\"text\/css\">.fusion-portfolio-3 .fusion-portfolio-wrapper .fusion-col-spacing{padding:5px;}<\/style><div class=\"fusion-portfolio-wrapper\" id=\"fusion-portfolio-3\" data-picturesize=\"fixed\" data-pages=\"0\" style=\"margin:-5px;\"><article id=\"portfolio-3-post-14542\" class=\"fusion-portfolio-post signaletique fusion-col-spacing post-14542\"><div class=\"fusion-portfolio-content-wrapper\" style=\"border:none;\"><span class=\"entry-title rich-snippet-hidden\">Velostation Olten<\/span><span class=\"vcard rich-snippet-hidden\"><span class=\"fn\"><a href=\"https:\/\/www.gff.ch\/fr\/author\/gff\/\" rel=\"author\">No\u00ebmi Sandmeier<\/a><\/span><\/span><span class=\"updated rich-snippet-hidden\">2016-10-12T11:45:41+02:00<\/span><div  class=\"fusion-image-wrapper fusion-image-size-fixed\" aria-haspopup=\"true\">\n\t\t\t\t<img decoding=\"async\" width=\"177\" height=\"142\" src=\"https:\/\/www.gff.ch\/wp-content\/uploads\/2016\/07\/Velostation_Olten_-1-177x142.jpg\" class=\"attachment-portfolio-five size-portfolio-five wp-post-image\" alt=\"\" \/><div class=\"fusion-rollover\">\n\t<div class=\"fusion-rollover-content\">\n\n\t\t\t\t\n\t\t\n\t\t\t\t\t\t\t\t\t\t\t\t<h4 class=\"fusion-rollover-title\">\n\t\t\t\t\t<a class=\"fusion-rollover-title-link\" href=\"https:\/\/www.gff.ch\/fr\/portfolio\/velostation-olten\/?portfolioCats=145\">\n\t\t\t\t\t\tVelostation Olten\t\t\t\t\t<\/a>\n\t\t\t\t<\/h4>\n\t\t\t\n\t\t\t\t\t\t\t\t\t\t<div class=\"fusion-rollover-categories\"><a href=\"https:\/\/www.gff.ch\/fr\/portfolio-category\/signaletique\/\" rel=\"tag\">Signal\u00e9tique<\/a><\/div>\t\t\t\t\t\n\t\t\n\t\t\t\t\t\t<a class=\"fusion-link-wrapper\" href=\"https:\/\/www.gff.ch\/fr\/portfolio\/velostation-olten\/?portfolioCats=145\" aria-label=\"Velostation Olten\"><\/a>\n\t<\/div>\n<\/div>\n<\/div>\n<\/div><\/article><article id=\"portfolio-3-post-14848\" class=\"fusion-portfolio-post signaletique fusion-col-spacing post-14848\"><div class=\"fusion-portfolio-content-wrapper\" style=\"border:none;\"><span class=\"entry-title rich-snippet-hidden\">Palais f\u00e9d\u00e9rale Est<\/span><span class=\"vcard rich-snippet-hidden\"><span class=\"fn\"><a href=\"https:\/\/www.gff.ch\/fr\/author\/gff\/\" rel=\"author\">No\u00ebmi Sandmeier<\/a><\/span><\/span><span class=\"updated rich-snippet-hidden\">2016-10-12T11:45:41+02:00<\/span><div  class=\"fusion-image-wrapper fusion-image-size-fixed\" aria-haspopup=\"true\">\n\t\t\t\t<img decoding=\"async\" width=\"177\" height=\"142\" src=\"https:\/\/www.gff.ch\/wp-content\/uploads\/2016\/07\/BHO_2016_5679-177x142.jpg\" class=\"attachment-portfolio-five size-portfolio-five wp-post-image\" alt=\"\" \/><div class=\"fusion-rollover\">\n\t<div class=\"fusion-rollover-content\">\n\n\t\t\t\t\n\t\t\n\t\t\t\t\t\t\t\t\t\t\t\t<h4 class=\"fusion-rollover-title\">\n\t\t\t\t\t<a class=\"fusion-rollover-title-link\" href=\"https:\/\/www.gff.ch\/fr\/portfolio\/bundeshaus-ost\/?portfolioCats=145\">\n\t\t\t\t\t\tPalais f\u00e9d\u00e9rale Est\t\t\t\t\t<\/a>\n\t\t\t\t<\/h4>\n\t\t\t\n\t\t\t\t\t\t\t\t\t\t<div class=\"fusion-rollover-categories\"><a href=\"https:\/\/www.gff.ch\/fr\/portfolio-category\/signaletique\/\" rel=\"tag\">Signal\u00e9tique<\/a><\/div>\t\t\t\t\t\n\t\t\n\t\t\t\t\t\t<a class=\"fusion-link-wrapper\" href=\"https:\/\/www.gff.ch\/fr\/portfolio\/bundeshaus-ost\/?portfolioCats=145\" aria-label=\"Palais f\u00e9d\u00e9rale Est\"><\/a>\n\t<\/div>\n<\/div>\n<\/div>\n<\/div><\/article><article id=\"portfolio-3-post-14855\" class=\"fusion-portfolio-post signaletique fusion-col-spacing post-14855\"><div class=\"fusion-portfolio-content-wrapper\" style=\"border:none;\"><span class=\"entry-title rich-snippet-hidden\">Palais f\u00e9d\u00e9rale Ouest<\/span><span class=\"vcard rich-snippet-hidden\"><span class=\"fn\"><a href=\"https:\/\/www.gff.ch\/fr\/author\/gff\/\" rel=\"author\">No\u00ebmi Sandmeier<\/a><\/span><\/span><span class=\"updated rich-snippet-hidden\">2016-10-12T11:45:51+02:00<\/span><div  class=\"fusion-image-wrapper fusion-image-size-fixed\" aria-haspopup=\"true\">\n\t\t\t\t<img decoding=\"async\" width=\"177\" height=\"142\" src=\"https:\/\/www.gff.ch\/wp-content\/uploads\/2015\/10\/BHW1-177x142.jpg\" class=\"attachment-portfolio-five size-portfolio-five wp-post-image\" alt=\"\" \/><div class=\"fusion-rollover\">\n\t<div class=\"fusion-rollover-content\">\n\n\t\t\t\t\n\t\t\n\t\t\t\t\t\t\t\t\t\t\t\t<h4 class=\"fusion-rollover-title\">\n\t\t\t\t\t<a class=\"fusion-rollover-title-link\" href=\"https:\/\/www.gff.ch\/fr\/portfolio\/palais-federale-ouest\/?portfolioCats=145\">\n\t\t\t\t\t\tPalais f\u00e9d\u00e9rale Ouest\t\t\t\t\t<\/a>\n\t\t\t\t<\/h4>\n\t\t\t\n\t\t\t\t\t\t\t\t\t\t<div class=\"fusion-rollover-categories\"><a href=\"https:\/\/www.gff.ch\/fr\/portfolio-category\/signaletique\/\" rel=\"tag\">Signal\u00e9tique<\/a><\/div>\t\t\t\t\t\n\t\t\n\t\t\t\t\t\t<a class=\"fusion-link-wrapper\" href=\"https:\/\/www.gff.ch\/fr\/portfolio\/palais-federale-ouest\/?portfolioCats=145\" aria-label=\"Palais f\u00e9d\u00e9rale Ouest\"><\/a>\n\t<\/div>\n<\/div>\n<\/div>\n<\/div><\/article><article id=\"portfolio-3-post-14858\" class=\"fusion-portfolio-post signaletique fusion-col-spacing post-14858\"><div class=\"fusion-portfolio-content-wrapper\" style=\"border:none;\"><span class=\"entry-title rich-snippet-hidden\">Agroscope Changins<\/span><span class=\"vcard rich-snippet-hidden\"><span class=\"fn\"><a href=\"https:\/\/www.gff.ch\/fr\/author\/gff\/\" rel=\"author\">No\u00ebmi Sandmeier<\/a><\/span><\/span><span class=\"updated rich-snippet-hidden\">2016-10-12T11:45:51+02:00<\/span><div  class=\"fusion-image-wrapper fusion-image-size-fixed\" aria-haspopup=\"true\">\n\t\t\t\t<img decoding=\"async\" width=\"177\" height=\"142\" src=\"https:\/\/www.gff.ch\/wp-content\/uploads\/2015\/10\/Changins_962-1-177x142.jpg\" class=\"attachment-portfolio-five size-portfolio-five wp-post-image\" alt=\"\" \/><div class=\"fusion-rollover\">\n\t<div class=\"fusion-rollover-content\">\n\n\t\t\t\t\n\t\t\n\t\t\t\t\t\t\t\t\t\t\t\t<h4 class=\"fusion-rollover-title\">\n\t\t\t\t\t<a class=\"fusion-rollover-title-link\" href=\"https:\/\/www.gff.ch\/fr\/portfolio\/agroscope-changins\/?portfolioCats=145\">\n\t\t\t\t\t\tAgroscope Changins\t\t\t\t\t<\/a>\n\t\t\t\t<\/h4>\n\t\t\t\n\t\t\t\t\t\t\t\t\t\t<div class=\"fusion-rollover-categories\"><a href=\"https:\/\/www.gff.ch\/fr\/portfolio-category\/signaletique\/\" rel=\"tag\">Signal\u00e9tique<\/a><\/div>\t\t\t\t\t\n\t\t\n\t\t\t\t\t\t<a class=\"fusion-link-wrapper\" href=\"https:\/\/www.gff.ch\/fr\/portfolio\/agroscope-changins\/?portfolioCats=145\" aria-label=\"Agroscope Changins\"><\/a>\n\t<\/div>\n<\/div>\n<\/div>\n<\/div><\/article><article id=\"portfolio-3-post-14860\" class=\"fusion-portfolio-post signaletique fusion-col-spacing post-14860\"><div class=\"fusion-portfolio-content-wrapper\" style=\"border:none;\"><span class=\"entry-title rich-snippet-hidden\">Signal\u00e9tique pour pietons<\/span><span class=\"vcard rich-snippet-hidden\"><span class=\"fn\"><a href=\"https:\/\/www.gff.ch\/fr\/author\/gff\/\" rel=\"author\">No\u00ebmi Sandmeier<\/a><\/span><\/span><span class=\"updated rich-snippet-hidden\">2016-10-12T11:45:55+02:00<\/span><div  class=\"fusion-image-wrapper fusion-image-size-fixed\" aria-haspopup=\"true\">\n\t\t\t\t<img decoding=\"async\" width=\"177\" height=\"142\" src=\"https:\/\/www.gff.ch\/wp-content\/uploads\/2015\/09\/fgl_1-177x142.jpg\" class=\"attachment-portfolio-five size-portfolio-five wp-post-image\" alt=\"\" \/><div class=\"fusion-rollover\">\n\t<div class=\"fusion-rollover-content\">\n\n\t\t\t\t\n\t\t\n\t\t\t\t\t\t\t\t\t\t\t\t<h4 class=\"fusion-rollover-title\">\n\t\t\t\t\t<a class=\"fusion-rollover-title-link\" href=\"https:\/\/www.gff.ch\/fr\/portfolio\/signaletique-pour-pietons\/?portfolioCats=145\">\n\t\t\t\t\t\tSignal\u00e9tique pour pietons\t\t\t\t\t<\/a>\n\t\t\t\t<\/h4>\n\t\t\t\n\t\t\t\t\t\t\t\t\t\t<div class=\"fusion-rollover-categories\"><a href=\"https:\/\/www.gff.ch\/fr\/portfolio-category\/signaletique\/\" rel=\"tag\">Signal\u00e9tique<\/a><\/div>\t\t\t\t\t\n\t\t\n\t\t\t\t\t\t<a class=\"fusion-link-wrapper\" href=\"https:\/\/www.gff.ch\/fr\/portfolio\/signaletique-pour-pietons\/?portfolioCats=145\" aria-label=\"Signal\u00e9tique pour pietons\"><\/a>\n\t<\/div>\n<\/div>\n<\/div>\n<\/div><\/article><article id=\"portfolio-3-post-14862\" class=\"fusion-portfolio-post signaletique fusion-col-spacing post-14862\"><div class=\"fusion-portfolio-content-wrapper\" style=\"border:none;\"><span class=\"entry-title rich-snippet-hidden\">Cube Gare Olten<\/span><span class=\"vcard rich-snippet-hidden\"><span class=\"fn\"><a href=\"https:\/\/www.gff.ch\/fr\/author\/gff\/\" rel=\"author\">No\u00ebmi Sandmeier<\/a><\/span><\/span><span class=\"updated rich-snippet-hidden\">2016-10-12T11:45:55+02:00<\/span><div  class=\"fusion-image-wrapper fusion-image-size-fixed\" aria-haspopup=\"true\">\n\t\t\t\t<img decoding=\"async\" width=\"177\" height=\"142\" src=\"https:\/\/www.gff.ch\/wp-content\/uploads\/2015\/09\/Kubus1-177x142.jpg\" class=\"attachment-portfolio-five size-portfolio-five wp-post-image\" alt=\"\" \/><div class=\"fusion-rollover\">\n\t<div class=\"fusion-rollover-content\">\n\n\t\t\t\t\n\t\t\n\t\t\t\t\t\t\t\t\t\t\t\t<h4 class=\"fusion-rollover-title\">\n\t\t\t\t\t<a class=\"fusion-rollover-title-link\" href=\"https:\/\/www.gff.ch\/fr\/portfolio\/kubus-bahnhof-olten\/?portfolioCats=145\">\n\t\t\t\t\t\tCube Gare Olten\t\t\t\t\t<\/a>\n\t\t\t\t<\/h4>\n\t\t\t\n\t\t\t\t\t\t\t\t\t\t<div class=\"fusion-rollover-categories\"><a href=\"https:\/\/www.gff.ch\/fr\/portfolio-category\/signaletique\/\" rel=\"tag\">Signal\u00e9tique<\/a><\/div>\t\t\t\t\t\n\t\t\n\t\t\t\t\t\t<a class=\"fusion-link-wrapper\" href=\"https:\/\/www.gff.ch\/fr\/portfolio\/kubus-bahnhof-olten\/?portfolioCats=145\" aria-label=\"Cube Gare Olten\"><\/a>\n\t<\/div>\n<\/div>\n<\/div>\n<\/div><\/article><article id=\"portfolio-3-post-14865\" class=\"fusion-portfolio-post signaletique fusion-col-spacing post-14865\"><div class=\"fusion-portfolio-content-wrapper\" style=\"border:none;\"><span class=\"entry-title rich-snippet-hidden\">NMB Signal\u00e9tique<\/span><span class=\"vcard rich-snippet-hidden\"><span class=\"fn\"><a href=\"https:\/\/www.gff.ch\/fr\/author\/gff\/\" rel=\"author\">No\u00ebmi Sandmeier<\/a><\/span><\/span><span class=\"updated rich-snippet-hidden\">2016-10-12T11:45:55+02:00<\/span><div  class=\"fusion-image-wrapper fusion-image-size-fixed\" aria-haspopup=\"true\">\n\t\t\t\t<img decoding=\"async\" width=\"177\" height=\"142\" src=\"https:\/\/www.gff.ch\/wp-content\/uploads\/2014\/09\/NMB_Signaletik4-177x142.jpg\" class=\"attachment-portfolio-five size-portfolio-five wp-post-image\" alt=\"\" \/><div class=\"fusion-rollover\">\n\t<div class=\"fusion-rollover-content\">\n\n\t\t\t\t\n\t\t\n\t\t\t\t\t\t\t\t\t\t\t\t<h4 class=\"fusion-rollover-title\">\n\t\t\t\t\t<a class=\"fusion-rollover-title-link\" href=\"https:\/\/www.gff.ch\/fr\/portfolio\/nmb-signaletique\/?portfolioCats=145\">\n\t\t\t\t\t\tNMB Signal\u00e9tique\t\t\t\t\t<\/a>\n\t\t\t\t<\/h4>\n\t\t\t\n\t\t\t\t\t\t\t\t\t\t<div class=\"fusion-rollover-categories\"><a href=\"https:\/\/www.gff.ch\/fr\/portfolio-category\/signaletique\/\" rel=\"tag\">Signal\u00e9tique<\/a><\/div>\t\t\t\t\t\n\t\t\n\t\t\t\t\t\t<a class=\"fusion-link-wrapper\" href=\"https:\/\/www.gff.ch\/fr\/portfolio\/nmb-signaletique\/?portfolioCats=145\" aria-label=\"NMB Signal\u00e9tique\"><\/a>\n\t<\/div>\n<\/div>\n<\/div>\n<\/div><\/article><\/div><\/div><div class=\"fusion-clearfix\"><\/div><\/div><\/div><\/div><\/div>\n","protected":false},"excerpt":{"rendered":"","protected":false},"author":2,"featured_media":0,"parent":0,"menu_order":10,"comment_status":"closed","ping_status":"closed","template":"","meta":{"footnotes":""},"class_list":["post-15647","page","type-page","status-publish","hentry"],"_links":{"self":[{"href":"https:\/\/www.gff.ch\/fr\/wp-json\/wp\/v2\/pages\/15647","targetHints":{"allow":["GET"]}}],"collection":[{"href":"https:\/\/www.gff.ch\/fr\/wp-json\/wp\/v2\/pages"}],"about":[{"href":"https:\/\/www.gff.ch\/fr\/wp-json\/wp\/v2\/types\/page"}],"author":[{"embeddable":true,"href":"https:\/\/www.gff.ch\/fr\/wp-json\/wp\/v2\/users\/2"}],"replies":[{"embeddable":true,"href":"https:\/\/www.gff.ch\/fr\/wp-json\/wp\/v2\/comments?post=15647"}],"version-history":[{"count":3,"href":"https:\/\/www.gff.ch\/fr\/wp-json\/wp\/v2\/pages\/15647\/revisions"}],"predecessor-version":[{"id":15865,"href":"https:\/\/www.gff.ch\/fr\/wp-json\/wp\/v2\/pages\/15647\/revisions\/15865"}],"wp:attachment":[{"href":"https:\/\/www.gff.ch\/fr\/wp-json\/wp\/v2\/media?parent=15647"}],"curies":[{"name":"wp","href":"https:\/\/api.w.org\/{rel}","templated":true}]}}